{"id":87,"date":"2015-01-17T22:12:03","date_gmt":"2015-01-17T21:12:03","guid":{"rendered":"http:\/\/collectif-oxygene.fr\/?page_id=87"},"modified":"2021-11-28T12:11:37","modified_gmt":"2021-11-28T10:11:37","slug":"dans-les-media","status":"publish","type":"page","link":"https:\/\/collectif-oxygene.fr\/?page_id=87","title":{"rendered":"Dans les media"},"content":{"rendered":"<p><strong>octobre 2021 : articles de victoire<\/strong><\/p>\n<p><strong>Mediapart le club : <\/strong><a href=\"https:\/\/blogs.mediapart.fr\/collectif-oxygene\/blog\/291021\/mission-accomplie-exit-le-projet-de-zone-commerciale-oxylane-place-aux-terres-agricoles\" target=\"_blank\" rel=\"noopener\">https:\/\/blogs.mediapart.fr\/collectif-oxygene\/blog\/291021\/mission-accomplie-exit-le-projet-de-zone-commerciale-oxylane-place-aux-terres-agricoles<\/a><\/p>\n<p><strong>Reportage FR3<\/strong> : <a href=\"https:\/\/france3-regions.francetvinfo.fr\/occitanie\/herault\/montpellier\/metropole-de-montpellier-decathlon-abandonne-son-projet-de-centre-commercial-oxylane-a-saint-clement-de-riviere-2304760.html\" target=\"_blank\" rel=\"noopener\">https:\/\/france3-regions.francetvinfo.fr\/occitanie\/herault\/montpellier\/metropole-de-montpellier-decathlon-abandonne-son-projet-de-centre-commercial-oxylane-a-saint-clement-de-riviere-2304760.html<\/a><\/p>\n<p><strong>Reporterre<\/strong> : <a href=\"https:\/\/collectif-oxygene.fr\/wp-content\/uploads\/2021\/10\/Reporterre-1-3.pdf\" target=\"_blank\" rel=\"noopener\">https:\/\/collectif-oxygene.fr\/wp-content\/uploads\/2021\/10\/Reporterre-1-3.pdf<\/a><\/p>\n<p><strong>Midi Libre : <\/strong><a href=\"https:\/\/collectif-oxygene.fr\/wp-content\/uploads\/2021\/10\/ML20211022_abandon-Oxylane.pdf\" target=\"_blank\" rel=\"noopener\">https:\/\/collectif-oxygene.fr\/wp-content\/uploads\/2021\/10\/ML20211022_abandon-Oxylane.pdf<\/a><\/p>\n<p><strong>Actu.fr\/M\u00e9tropolitain<\/strong> : <a href=\"https:\/\/collectif-oxygene.fr\/wp-content\/uploads\/2021\/10\/actu.fr-Metropolitain-22-10.pdf\" target=\"_blank\" rel=\"noopener\">https:\/\/collectif-oxygene.fr\/wp-content\/uploads\/2021\/10\/actu.fr-Metropolitain-22-10.pdf<\/a><\/p>\n<p><strong>La Gazette Live<\/strong> : <a href=\"https:\/\/collectif-oxygene.fr\/wp-content\/uploads\/2021\/10\/Gazette_live_22-10.pdf\" target=\"_blank\" rel=\"noopener\">https:\/\/collectif-oxygene.fr\/wp-content\/uploads\/2021\/10\/Gazette_live_22-10.pdf<\/a><\/p>\n<p><strong>20 Minutes Montpellier : <\/strong>https:\/\/collectif-oxygene.fr\/wp-content\/uploads\/2021\/10\/20-minutes-22-10.pdf<\/p>\n<p><strong>World News <\/strong>(reprise de l&rsquo;article de Midi Libre) : https:\/\/collectif-oxygene.fr\/wp-content\/uploads\/2021\/10\/World-News-22-10.pdf<\/p>\n<p><strong>La Rel\u00e8ve et la Peste :<\/strong> <a href=\"https:\/\/collectif-oxygene.fr\/wp-content\/uploads\/2021\/10\/La-Releve-et-La-Peste-22-10.pdf\" target=\"_blank\" rel=\"noopener\">https:\/\/collectif-oxygene.fr\/wp-content\/uploads\/2021\/10\/La-Releve-et-La-Peste-22-10.pdf<\/a><\/p>\n<p><strong>Le Mouvement<\/strong> : <a href=\"https:\/\/collectif-oxygene.fr\/wp-content\/uploads\/2021\/10\/Le-Mouvement-22-10.pdf\" target=\"_blank\" rel=\"noopener\">https:\/\/collectif-oxygene.fr\/wp-content\/uploads\/2021\/10\/Le-Mouvement-22-10.pdf<\/a><\/p>\n<p><strong>Le Poing<\/strong> : <a href=\"https:\/\/collectif-oxygene.fr\/wp-content\/uploads\/2021\/10\/Le-Poing-22-10.pdf\" target=\"_blank\" rel=\"noopener\">https:\/\/collectif-oxygene.fr\/wp-content\/uploads\/2021\/10\/Le-Poing-22-10.pdf<\/a><\/p>\n<p>et m\u00eame &#8230; <strong>Business Immo<\/strong> !!! :<a href=\"https:\/\/collectif-oxygene.fr\/wp-content\/uploads\/2021\/10\/Business-Immo-22-10.pdf\" target=\"_blank\" rel=\"noopener\"> https:\/\/collectif-oxygene.fr\/wp-content\/uploads\/2021\/10\/Business-Immo-22-10.pdf<\/a><\/p>\n<p>et <strong>Le Moniteur : <\/strong><a href=\"https:\/\/collectif-oxygene.fr\/wp-content\/uploads\/2021\/11\/Moniteur-12-11-2021.pdf\" target=\"_blank\" rel=\"noopener\">https:\/\/collectif-oxygene.fr\/wp-content\/uploads\/2021\/11\/Moniteur-12-11-2021.pdf<\/a><\/p>\n<p>et des articles \u00e9crits sur les sites des media audio-visuels FR3 et France Bleu H\u00e9rault :<\/p>\n<p><strong>FR3<\/strong> : <a href=\"https:\/\/collectif-oxygene.fr\/wp-content\/uploads\/2021\/10\/FR3-ecrit-23-10.pdf\" target=\"_blank\" rel=\"noopener\">https:\/\/collectif-oxygene.fr\/wp-content\/uploads\/2021\/10\/FR3-ecrit-23-10.pdf<\/a><\/p>\n<p><strong>France Bleu<\/strong> :<a href=\"https:\/\/collectif-oxygene.fr\/wp-content\/uploads\/2021\/10\/France-Bleu-Herault-21-10.pdf\" target=\"_blank\" rel=\"noopener\"> https:\/\/collectif-oxygene.fr\/wp-content\/uploads\/2021\/10\/France-Bleu-Herault-21-10.pdf<\/a><\/p>\n<p><strong>France Bleu<\/strong> : <a href=\"https:\/\/collectif-oxygene.fr\/wp-content\/uploads\/2021\/10\/France-Bleu-Herault-22-10.pdf\" target=\"_blank\" rel=\"noopener\">https:\/\/collectif-oxygene.fr\/wp-content\/uploads\/2021\/10\/France-Bleu-Herault-22-10.pdf<\/a><\/p>\n<p><strong>ao\u00fbt 2021<\/strong><\/p>\n<ul>\n<li><a href=\"https:\/\/www.midilibre.fr\/2021\/08\/04\/oxylane-lenqueteur-public-prone-le-retrait-du-projet-9712382.php\" target=\"_blank\" rel=\"noopener\">Midi Libre 4 ao\u00fbt<\/a> : l&rsquo;enqu\u00eateur public pr\u00f4ne le retrait du projet Oxylane de D\u00e9cathlon<\/li>\n<li><a href=\"https:\/\/www.herault-tribune.com\/articles\/saint-clement-de-riviere-plu-le-projet-oxylane-critique-par-le-commissaire-enqueteur\/\" target=\"_blank\" rel=\"noopener\">H\u00e9rault Tribune 3 ao\u00fbt<\/a> : Saint-Cl\u00e9ment-de-Rivi\u00e8re, PLU : projet Oxylane, les r\u00e9serves du Commissaire Enqu\u00eateur<\/li>\n<li><a href=\"https:\/\/lemouvement.info\/2021\/08\/01\/communique-de-presse-oxylane-dans-les-cordes\/\" target=\"_blank\" rel=\"noopener\">Le Mouvement 1 ao\u00fbt :<\/a> [Communiqu\u00e9 de Presse] Oxylane dans les cordes<\/li>\n<li><a href=\"https:\/\/lepoing.net\/agora\/plu-st-clement-de-riviere-oxylane-rejete-par-le-commissaire-enqueteur\/\" target=\"_blank\" rel=\"noopener\">Le Poing 31 juillet<\/a> : Oxylane rejet\u00e9 par le Commissaire Enqu\u00eateur<\/li>\n<\/ul>\n<p>D&rsquo;autres articles (Actu.fr, la Gazette, France Bleu H\u00e9rault) ont d\u00e9natur\u00e9 le communiqu\u00e9 de presse que nous leur avions envoy\u00e9, en ne citant que les commentaires d\u2019Alain Berthet, porte-parole de Non au b\u00e9ton, et en ignorant notre collectif, pourtant \u00e0 l&rsquo;origine de cette actions. A notre tour, nous les ignorons !<\/p>\n<p>&nbsp;<\/p>\n<p><strong>f\u00e9vrier 2021<\/strong><\/p>\n<ul>\n<li><a href=\"https:\/\/actu.fr\/occitanie\/montpellier_34172\/montpellier-oxylane-revient-devant-la-justice-le-11-fevrier_39222202.html\" target=\"_blank\" rel=\"noopener\">Actu.fr Metropolitain 6 f\u00e9vrier<\/a> : Oxylane revient devant la justice le 11 f\u00e9vrier<\/li>\n<li><a href=\"https:\/\/www.lagazettedemontpellier.fr\/live\/6019692597ef8f002c0ddee2\/oxylane-le-scot-du-pic-saint-loup-attaque\" target=\"_blank\" rel=\"noopener\">Gazette \u00ab\u00a0live\u00a0\u00bb 2 f\u00e9vrier<\/a> :\u00a0 Oxylane : le Scot du pic Saint-Loup attaqu\u00e9<\/li>\n<li><a href=\"https:\/\/www.lamuledupape.com\/2021\/02\/02\/nouvelle-etape-dans-la-lutte-contre-le-decathlon-oxylane\/\" target=\"_blank\" rel=\"noopener\">La Mule du Pape 2 f\u00e9vrier 2021<\/a>\u00a0 : Nouvelle \u00e9tape dans la lutte contre le D\u00e9cathlon Oxylane<\/li>\n<\/ul>\n<p><strong>novembre 2020<\/strong><\/p>\n<ul>\n<li><a href=\"https:\/\/www.lamuledupape.com\/2020\/11\/18\/decathlon-oxylane-le-collectif-oxygene-reclame-lapplication-du-moratoire-sur-les-zones-commerciales\/\" target=\"_blank\" rel=\"noopener noreferrer\">La Mule du Pape 18 novembre 2020<\/a> \u00a0\u00ab\u00a0D\u00e9cathlon Oxylane : le collectif Oxyg\u00e8ne r\u00e9clame l\u2019application du moratoire sur les zones commerciales\u00a0\u00bb<\/li>\n<\/ul>\n<p><strong>octobre 2020<\/strong><\/p>\n<ul>\n<li><a href=\"https:\/\/collectif-oxygene.fr\/wp-content\/uploads\/2020\/10\/Campagnes-solidaires-365_Oxylane-1.pdf\" target=\"_blank\" rel=\"noopener noreferrer\">Campagnes Solidaires (revue de la Conf\u00e9d\u00e9ration paysanne) n\u00b0365<\/a>\u00a0 \u00ab\u00a0Nous voulons des terres pour notre souverainet\u00e9 alimentaire\u00a0\u00bb 4\u00e8me de couverture<\/li>\n<li><a href=\"https:\/\/lareleveetlapeste.fr\/la-resistance-samplifie-contre-decathlon-qui-veut-betonner-17ha-de-terres-agricoles-vers-montpellier\/?fbclid=IwAR2_BOJ_soySeRLXljXo7N9oIDtkC_l1auVykPuXZOoHF68Morx_DSeILSE\" target=\"_blank\" rel=\"noopener noreferrer\">La Rel\u00e8ve et la Peste 2 octobre 2020<\/a>\u00a0 \u00ab\u00a0La r\u00e9sistance s\u2019amplifie contre Decathlon, qui veut b\u00e9tonner 17ha de terres agricoles vers Montpellier\u00a0\u00bb<\/li>\n<li><a href=\"https:\/\/reporterre.net\/Decathlon-veut-encore-betonner-des-terres-agricoles-pres-de-Montpellier\" target=\"_blank\" rel=\"noopener noreferrer\">Reporterre 1er octobre 2020<\/a> \u00ab\u00a0Decathlon veut encore b\u00e9tonner des terres agricoles pr\u00e8s de Montpellier\u00a0\u00bb<\/li>\n<\/ul>\n<p><strong>septembre 2020<\/strong><\/p>\n<ul>\n<li><a href=\"https:\/\/lepoing.net\/herault-le-combat-continue-contre-oxylane-ce-projet-anti-ecolo-de-la-famille-mulliez\/\" target=\"_blank\" rel=\"noopener noreferrer\">Le Poing 30 septembre 2020<\/a> \u00ab\u00a0H\u00e9rault : le combat continue contre Oxylane, ce projet anti-\u00e9colo de la famille Mulliez\u00a0\u00bb<\/li>\n<li><a href=\"https:\/\/podcast.ausha.co\/radio-parleur\/pres-de-montpellier-mobilisation-contre-oxylane-un-projet-des-annees-60\" target=\"_blank\" rel=\"noopener noreferrer\">Radio Parleur 28 septembre 2020<\/a>, <a href=\"https:\/\/podcast.ausha.co\/radio-parleur\/pres-de-montpellier-mobilisation-contre-oxylane-un-projet-des-annees-60\">reportage sonore<\/a> et <a href=\"https:\/\/l.facebook.com\/l.php?u=https%3A%2F%2Fradioparleur.net%2F2020%2F09%2F28%2Foxylane-centre-commercial-montpellier%2F%3Ffbclid%3DIwAR0KCaHf8X1vCpuXWWSyDsPDeYQNy5FCOxG9_eZ8T-3F-c6Mt9x_pe2kB_Q&amp;h=AT2-iWV7B5LFKJk8y8UN5pwEugNGjFQmc0u1xKYAAdZnKsTePvHjoAm49izmwOvI_R9y7uffF82l8gbPet3IPMTAeOXfleRNqNN-Nt7iCjWzo20f-59bQSkMH0ATl8pRs81hxhGS1q_gk6dBjlliN7Qtb-toviZPwAz2_lgmg-cKUVWhAdaURCK5h1q_JZ3fqZHLcsy2f9P7931KAgq7_sazGkObVe9cbkr-mQN9M-ZYn-T1-_jKy1zYVbNiIgdX3W2HKpbuCbHDw-TYDFQmhPrMKHs6ndUxXZQ1rLLYqRa5r6KNpSWilsgX53HqCA6wZWpoOZNTUg0-Dkv7m6PTfiUl4lJ8L1qZ6NRB5j52PNJgEkZ66h4nwDbN5K7RP2DCXmtuPpq_WA1tXvyCN7IKqtc43_Lcb4a_rqCOPfmzhubAO5mgZC82LvS6O2HvVP6_PsatA0wTpwrc-iV2IxXk9hIri7xdXMNG60DQoHZMR5wPzsNWxgIxOdLyzwaNq9ckpTzde6HZ2OgSiB3mfJUF5mtLBxIiB1RCKU3-nyt5zdldEas8EYK8dcRi4OdHKZOwPpvuwv7o5_ITWms9tN2Ubr0QOpuJo2rm5-8W3MgkCTxeFs6MY3pGB1cPfPQTuuTyOQpN\">article <\/a>\u00ab\u00a0Pr\u00e8s de Montpellier, mobilisation contre Oxylane, un projet des ann\u00e9es 60\u00a0\u00bb<\/li>\n<li><a href=\"https:\/\/actu.fr\/occitanie\/montpellier_34172\/montpellier-le-collectif-oxygene-a-occupe-le-site-d-oxylane_36388373.html\" target=\"_blank\" rel=\"noopener noreferrer\">Actu.fr M<\/a><a href=\"https:\/\/actu.fr\/occitanie\/montpellier_34172\/montpellier-le-collectif-oxygene-a-occupe-le-site-d-oxylane_36388373.html\" target=\"_blank\" rel=\"noopener noreferrer\">etropolitain<\/a> <a href=\"https:\/\/actu.fr\/occitanie\/montpellier_34172\/montpellier-le-collectif-oxygene-a-occupe-le-site-d-oxylane_36388373.html\" target=\"_blank\" rel=\"noopener noreferrer\">27 septembre 2020<\/a> \u00ab\u00a0Montpellier. Des arbres fruitiers plant\u00e9s sur le site d\u2019Oxylane\u00a0\u00bb<\/li>\n<li><a href=\"https:\/\/collectif-oxygene.fr\/wp-content\/uploads\/2020\/09\/ML26_09_2020.pdf\" target=\"_blank\" rel=\"noopener noreferrer\">Midi Libre<\/a> <a href=\"https:\/\/lepoing.net\/herault-le-combat-continue-contre-oxylane-ce-projet-anti-ecolo-de-la-famille-mulliez\/\" target=\"_blank\" rel=\"noopener noreferrer\">26 septembre 2020<\/a> \u00ab\u00a0Les opposants au projet de D\u00e9cathlon ne d\u00e9sarment pas\u00a0\u00bb<\/li>\n<li><a href=\"https:\/\/lemouvement.info\/2020\/09\/26\/video-occitanie-centre-commercial-oxylane-ou-nature-et-terres-agricoles\/\" target=\"_blank\" rel=\"noopener noreferrer\">Le Mouvement.info \u00a0<\/a><a href=\"https:\/\/lemouvement.info\/2020\/09\/26\/video-occitanie-centre-commercial-oxylane-ou-nature-et-terres-agricoles\/\" target=\"_blank\" rel=\"noopener noreferrer\">26 septembre 2020<\/a> \u00ab\u00a0Occitanie : Centre commercial Oxylane, ou nature et terres agricoles ?\u00a0\u00bbavec deux videos<\/li>\n<li><a href=\"https:\/\/viaoccitanie.tv\/le-collectif-oxygene-et-le-confederation-paysanne-sement-symboliquement-les-terres-oxylane\/\" target=\"_blank\" rel=\"noopener noreferrer\">Vi\u00e0Ocitanie<\/a> <a href=\"https:\/\/viaoccitanie.tv\/le-collectif-oxygene-et-le-confederation-paysanne-sement-symboliquement-les-terres-oxylane\/\" target=\"_blank\" rel=\"noopener noreferrer\">(ex TV Sud) 25 septembre 2020<\/a> \u00ab\u00a0Le collectif Oxyg\u00e8ne et la Conf\u00e9d\u00e9ration paysanne s\u00e8ment symboliquement les terres Oxylane\u00a0\u00bb (petit reportage video)<\/li>\n<li><a href=\"https:\/\/www.lamuledupape.com\/2020\/09\/25\/journee-contre-le-decathlon-oxylane-derive-capitaliste-et-destruction-du-vivant\/?fbclid=IwAR3FVWNETxoya60pM8qOLrIXblTAU2KbXsrJIqLrPX5bEbBtHEy4CkaewIc\" target=\"_blank\" rel=\"noopener noreferrer\">La Mule du Pape 25 septembre 2020<\/a>\u00a0 \u00ab\u00a0Journ\u00e9e contre le D\u00e9cathlon-Oxylane, d\u00e9rive capitaliste et destruction du vivant\u00a0\u00bb<\/li>\n<\/ul>\n<p><strong>juillet 2020<\/strong><\/p>\n<ul>\n<li><a href=\"https:\/\/www.mediapart.fr\/journal\/france\/280720\/des-terres-pas-d-hypers-la-lutte-contre-le-projet-oxylane-est-relancee-montpellier?utm_source=facebook&amp;utm_medium=social&amp;utm_campaign=Sharing&amp;xtor=CS3-66&amp;fbclid=IwAR14AqnZOVUFsXD-VZRimZLY4jqGlcTdcAG4uOcsTwn9TembPcOcAlu5TF4\" target=\"_blank\" rel=\"noopener noreferrer\">Mediapart 28 juillet 2020<\/a> : <span style=\"font-size: 12pt;\"><span style=\"font-size: 10pt;\">\u00abDes terres, pas d\u2019hypers\u00bb, la lutte contre le projet Oxylane est relanc\u00e9e \u00e0 Montpellier. (reprise de l\u2019article du d&rsquo;Oc du 23 juillet)<\/span><\/span><\/li>\n<li><a href=\"https:\/\/ledoc-info.com\/2020\/07\/23\/des-terres-pas-dhypers-retour-sur-dix-ans-de-lutte-contre-oxylane-projet-porte-par-decathlon\/\" target=\"_blank\" rel=\"noopener noreferrer\">Le d&rsquo;Oc 23 juillet 2020<\/a> : \u00ab Des terres, pas d\u2019hypers \u00bb, retour sur dix ans de lutte contre Oxylane, projet port\u00e9 par D\u00e9cathlon\u00a0 (<em>lecture r\u00e9serv\u00e9e aux abonn\u00e9s du journal Le d&rsquo;Oc<\/em>)<\/li>\n<li><a href=\"https:\/\/collectif-oxygene.fr\/wp-content\/uploads\/2020\/07\/MarseillaiseOccitanie_10_07_2020.png\" target=\"_blank\" rel=\"noopener noreferrer\">La Marseillaise Occitanie 10 juillet 2020 <\/a>: \u00ab\u00a0<span class=\"ti-titre2\">Le projet Oxylane, au nord de Montpellier, ne devrait pas voir le jour avant 2022<\/span>\u00ab\u00a0<\/li>\n<\/ul>\n<p><strong>juin 2020<\/strong><\/p>\n<ul>\n<li><a href=\"https:\/\/www.lamuledupape.com\/2020\/06\/23\/front-commun-contre-le-projet-decathlon-oxylane\/\" target=\"_blank\" rel=\"noopener noreferrer\">La Mule du Pape, 23 juin 2020<\/a> : \u00ab\u00a0Front commun contre le projet D\u00e9cathlon Oxylane\u00a0\u00bb<\/li>\n<li><a href=\"https:\/\/collectif-oxygene.fr\/wp-content\/uploads\/2020\/06\/ml_19_juin_1.pdf\" target=\"_blank\" rel=\"noopener noreferrer\">Midi Libre du 19 juin 2020<\/a> : \u00ab\u00a0Un pique nique champ\u00eatre aux Fontanelles\u00a0\u00bb<\/li>\n<li><a href=\"https:\/\/actu.fr\/occitanie\/montpellier_34172\/pres-de-montpellier-le-collectif-oxygene-pique-nique-sur-le-site-d-oxylane_34388528.html\" target=\"_blank\" rel=\"noopener noreferrer\">Actu.fr\/M\u00e9tropolitain du 18 juin<\/a> : \u00ab\u00a0Pr\u00e8s de Montpellier : le collectif Oxyg\u00e8ne pique-nique sur le site d\u2019Oxylane\u00a0\u00bb<\/li>\n<li><a href=\"https:\/\/www.lagazettedemontpellier.fr\/live\/5eeb645bb3fd5201213d4d47\/st-clement-nouvelle-manifestation-contre-l-installation-de-decathlon\" target=\"_blank\" rel=\"noopener noreferrer\">La Gazette Live du 18 juin<\/a> : \u00ab\u00a0St-Cl\u00e9ment : nouvelle manifestation contre l&rsquo;installation de D\u00e9cathlon\u00a0\u00bb<\/li>\n<li><a href=\"https:\/\/lepoing.net\/les-anti-oxylane-ont-frappe-les-trois-coups-du-retour-des-luttes-pour-le-climat\/?fbclid=IwAR1vRNEwtd2ikuOVWPfoZkAHtin26cZSAMn08RATyitLibAPhR0LS72f_CM\" target=\"_blank\" rel=\"noopener noreferrer\">Le Poing du 17 juin<\/a> : \u00ab\u00a0Les anti-Oxylane ont frapp\u00e9 les trois coups du retour des luttes pour le climat\u00a0\u00bb<\/li>\n<li><a href=\"https:\/\/collectif-oxygene.fr\/wp-content\/uploads\/2020\/06\/liberation_17_juin.pdf\" target=\"_blank\" rel=\"noopener noreferrer\">Lib\u00e9ration du 17 juin<\/a> : \u00ab\u00a0Municipales \u00e0 Montpellier, des promesses en b\u00e9ton ?\u00a0\u00bb, avec un zoom sur le Collectif Oxyg\u00e8ne et le projet Oxylane.<\/li>\n<\/ul>\n<p><strong>mai 2020<\/strong><\/p>\n<ul>\n<li><a href=\"https:\/\/actu.fr\/occitanie\/saint-clement-de-riviere_34247\/pres-montpellier-projet-oxylane-non-beton-appelle-boycoot-decathlon_33579413.html?fbclid=IwAR2woZxivaDjTvcx06MvofT8jVu-o-JXIiUDsqM-xjnBi1UmSLKMh-wiqJA\" target=\"_blank\" rel=\"noopener noreferrer\">Actu.fr\/Metropolitain du 13 mai<\/a> : article sur la campagne de boycott de\u00a0 Non au B\u00e9ton (avec quelques erreurs)<\/li>\n<li><a href=\"https:\/\/www.midilibre.fr\/2020\/05\/11\/projet-oxylane-a-saint-clement-de-riviere-decathlon-repond-a-ses-opposants,8883328.php\" target=\"_blank\" rel=\"noopener noreferrer\">Midi Libre du 11 mai<\/a> : D\u00e9cathlon r\u00e9pond \u00e0 ses opposants<\/li>\n<li><a href=\"https:\/\/reporterre.net\/Decathlon-arretez-de-detruire-la-vie-sur-Terre\" target=\"_blank\" rel=\"noopener noreferrer\">Reporterre (tribune du 11 mai)<\/a> : D\u00e9cathlon, arr\u00eatez de d\u00e9truire la vie sur Terre<\/li>\n<li><a href=\"https:\/\/blogs.mediapart.fr\/collectif-oxygene\/blog\/060520\/entre-lutte-locale-et-monde-dapres-lettre-au-directeur-general-de-decathlon\" target=\"_blank\" rel=\"noopener noreferrer\">Le blog Mediapart du 6 mai<\/a> (lettre ouverte \u00e0 D\u00e9cathlon)<\/li>\n<li><a href=\"https:\/\/actu.fr\/occitanie\/saint-clement-de-riviere_34247\/pres-montpellier-oxylane-collectif-oxygene-envoie-une-lettre-directeur-general-decathlon_33405681.html\" target=\"_blank\" rel=\"noopener noreferrer\">Actu.fr\/Metropolitain du 5 mai<\/a>\u00a0 (lettre ouverte \u00e0 D\u00e9cathlon)<\/li>\n<li><a href=\"https:\/\/www.lagazettedemontpellier.fr\/live\/5ead3117992c347de3297e19\/oxylane-une-lettre-ouverte-adressee-a-la-direction-de-decathlon\" target=\"_blank\" rel=\"noopener noreferrer\">La Gazette de Montpellier live du 2 mai<\/a> (lettre ouverte \u00e0 D\u00e9cathlon)<\/li>\n<\/ul>\n<p><strong>avril 2020<\/strong><\/p>\n<ul>\n<li><a href=\"https:\/\/www.midilibre.fr\/2020\/04\/28\/saint-clement-de-riviere-lettre-ouverte-a-decathlon-pour-larret-du-projet-oxylane,8865898.php\" target=\"_blank\" rel=\"noopener noreferrer\">Midi Libre du 28 avril<\/a> (lettre ouverte \u00e0 D\u00e9cathlon)<\/li>\n<\/ul>\n<p><strong>janvier 2020<\/strong><\/p>\n<ul>\n<li>Radio FM+ : \u00c9changes dans le cadre de l\u2019\u00e9mission \u00ab <a href=\"https:\/\/collectif-oxygene.fr\/wp-content\/uploads\/2020\/09\/fmplus_janvier_2020.mp3\" target=\"_blank\" rel=\"noopener noreferrer\">Les \u00e9chos de la Solidarit\u00e9<\/a> \u00bb du 6 janvier. <em><br \/>\n<\/em><\/li>\n<li>France Bleu H\u00e9rault : <a href=\"https:\/\/www.francebleu.fr\/infos\/environnement\/contestation-toujours-aussi-vive-contre-le-projet-decathlon-au-nord-de-montpellier-1578406917\" target=\"_blank\" rel=\"noopener noreferrer\">article<\/a> (avec plusieurs interviews sonores) et<a href=\"https:\/\/www.francebleu.fr\/infos\/environnement\/contestation-toujours-aussi-vive-contre-le-projet-decathlon-au-nord-de-montpellier-1578406917\" target=\"_blank\" rel=\"noopener noreferrer\"> interview de la matinale du 8 janvier<\/a>\u00a0 (<a href=\"https:\/\/www.francebleu.fr\/emissions\/l-invite-de-7h50-france-bleu-herault\/herault\/l-invite-de-7h50-france-bleu-herault-626\" target=\"_blank\" rel=\"noopener noreferrer\">avec la video ici<\/a>)<\/li>\n<li>RCF <a href=\"https:\/\/collectif-oxygene.fr\/wp-content\/uploads\/2020\/01\/interview_RCF_8_janvier.mp3\" target=\"_blank\" rel=\"noopener noreferrer\">interview de la matinale du 8 janvier<\/a> et\u00a0 <a href=\"https:\/\/collectif-oxygene.fr\/wp-content\/uploads\/2020\/01\/journal_RCF_8janvier.mp3\" target=\"_blank\" rel=\"noopener noreferrer\">journal du matin du 8 janvier<\/a><\/li>\n<li><a href=\"https:\/\/collectif-oxygene.fr\/wp-content\/uploads\/2020\/01\/20_minutes_papier.jpg\" target=\"_blank\" rel=\"noopener noreferrer\">20 minutes \u00ab\u00a0papier\u00a0\u00bb<\/a> du 8 janvier<\/li>\n<li>FR3 <a href=\"https:\/\/france3-regions.francetvinfo.fr\/occitanie\/emissions\/jt-1920-languedoc-roussillon\" target=\"_blank\" rel=\"noopener noreferrer\">Journal 19-20 du 7 janvier<\/a>\u00a0 de 4\u201947 \u00e0 6\u201947<\/li>\n<li><a href=\"https:\/\/france3-regions.francetvinfo.fr\/occitanie\/herault\/montpellier\/nouveau-recours-contre-projet-oxylane-decathlon-examine-tribunal-administratif-montpellier-1770947.html\" target=\"_blank\" rel=\"noopener noreferrer\">France-TV Info du 7 janvier<\/a><\/li>\n<li><a href=\"https:\/\/www.midilibre.fr\/2020\/01\/07\/oxylane-le-projet-de-centre-commercial-une-nouvelle-fois-devant-la-justice,8646115.php\" target=\"_blank\" rel=\"noopener noreferrer\">Midi Libre du 7 janvier<\/a><\/li>\n<li><a href=\"https:\/\/www.20minutes.fr\/justice\/2689235-20200107-montpellier-collectif-bat-contre-implantation-centre-commercial-decathlon-champ\" target=\"_blank\" rel=\"noopener noreferrer\">20 minutes en ligne<\/a> du 7 janvier<\/li>\n<li><a href=\"https:\/\/actu.fr\/occitanie\/montpellier_34172\/pres-montpellier-projet-oxylane-rapporteur-public-conforte-decathlon_30608115.html\" target=\"_blank\" rel=\"noopener noreferrer\">Actu.fr\/Metropolitain<\/a> du 7 janvier<\/li>\n<li><a href=\"https:\/\/actu.fr\/occitanie\/saint-clement-de-riviere_34247\/pres-montpellier-feu-vert-prefectoral-projet-oxylane-attaque-tribunal-administratif_30569542.html\" target=\"_blank\" rel=\"noopener\">Actu.fr\/Metropolitain du 6 janvier<\/a><\/li>\n<\/ul>\n<p><strong>septembre 2019<\/strong><\/p>\n<ul>\n<li><a href=\"https:\/\/collectif-oxygene.fr\/wp-content\/uploads\/2019\/09\/fr3_rassemblement_13_septembre_2019.mp4\" target=\"_blank\" rel=\"noopener noreferrer\">Reportage de FR3 du 14 septembre sur le rassemblement devant D\u00e9cathlon<\/a><\/li>\n<li><a href=\"http:\/\/www.lagazettedemontpellier.fr\/66017\/odysseum-un-rassemblement-contre-le-projet-de-village-decathlon.html\" target=\"_blank\" rel=\"noopener noreferrer\">La gazette Live du 13 septembre 2019<\/a><\/li>\n<li><a href=\"https:\/\/collectif-oxygene.fr\/wp-content\/uploads\/2019\/09\/Oxylane_ML_12_09_2019.pdf\" target=\"_blank\" rel=\"noopener noreferrer\">Midi Libre du 12 septembre 2019 :<\/a> Non au B\u00e9ton, Oxyg\u00e8ne, m\u00eame combat<\/li>\n<\/ul>\n<p><strong>Juillet 2019<\/strong><\/p>\n<ul>\n<li><a href=\"https:\/\/www.politis.fr\/articles\/2019\/07\/urbanisme-contre-les-ogres-de-beton-40685\/\" target=\"_blank\" rel=\"noopener noreferrer\">Politis 17 juillet 2019<\/a> : Urbanisme, contre les ogres de b\u00e9ton<\/li>\n<li><a href=\"https:\/\/collectif-oxygene.fr\/wp-content\/uploads\/2019\/09\/radio_clapas_12_juillet_2019.mp3\" target=\"_blank\" rel=\"noopener noreferrer\">Emission Radio Clapas du 12 juillet 2019<\/a><\/li>\n<\/ul>\n<p><strong>d\u00e9cembre 2018<\/strong><\/p>\n<ul>\n<li><a href=\"https:\/\/collectif-oxygene.fr\/wp-content\/uploads\/2019\/04\/ml_2_12_2018.pdf\">Midi Libre du 2 d\u00e9cembre 2018<\/a> : Oxylane, les opposants esp\u00e8rent encore. Accord d&rsquo;Alain Barbe (pr\u00e9sident de la CCGPSL) sur la possible sanctuarisation du terrain.<\/li>\n<\/ul>\n<p><strong>octobre 2018<\/strong><\/p>\n<ul>\n<li><a href=\"http:\/\/collectif-oxygene.fr\/wp-content\/uploads\/2018\/10\/2018-10-07_Oxylane-Barbe.pdf\" target=\"_blank\" rel=\"noopener noreferrer\">Midi Libre du 7 octobre 2018<\/a> : Alain Barbe s&rsquo;exprime<\/li>\n<li><a href=\"http:\/\/collectif-oxygene.fr\/wp-content\/uploads\/2018\/10\/Gazette04102018.pdf\" target=\"_blank\" rel=\"noopener noreferrer\">La Gazette de Montpellier du 4 octobre 2018<\/a> : Coup dur pour Oxylane<\/li>\n<\/ul>\n<p><strong>septembre 2018<\/strong><\/p>\n<ul>\n<li><a href=\"http:\/\/collectif-oxygene.fr\/wp-content\/uploads\/2018\/10\/2018-09-30_Oxylane.pdf\" target=\"_blank\" rel=\"noopener noreferrer\">Midi Libre du 30 septembre 2018<\/a> : r\u00e9actions d&rsquo;Alain Barbe (pr\u00e9sident de la CCGPSL) et de l&rsquo;association \u00ab\u00a0Non au B\u00e9ton\u00a0\u00bb<\/li>\n<li><a href=\"http:\/\/collectif-oxygene.fr\/wp-content\/uploads\/2018\/09\/20minutes-27_09_18.png\" target=\"_blank\" rel=\"noopener noreferrer\">20 Minutes Montpellier du 27 septembre 2018<\/a> : Le vent tourne pour le projet Oxylane de D\u00e9cathlon<\/li>\n<li><a href=\"https:\/\/www.midilibre.fr\/2018\/09\/26\/montpellier-un-nouveau-revers-pour-le-projet-oxylane,4707948.php\" target=\"_blank\" rel=\"noopener noreferrer\">Midi Libre du 26 septembre 2018<\/a> : Montpellier : un nouveau revers pour le projet Oxylane avec, en premi\u00e8re page, <a href=\"http:\/\/collectif-oxygene.fr\/wp-content\/uploads\/2018\/10\/ML2018-09-27_OxylaneP1.pdf\" target=\"_blank\" rel=\"noopener noreferrer\">le titre choc : Oxylane a du plomb dans l&rsquo;aile<\/a><\/li>\n<li><a href=\"https:\/\/e-metropolitain.fr\/2018\/09\/26\/saint-clement-de-riviere-prefet-dit-non-projet-oxylane\/\" target=\"_blank\" rel=\"noopener noreferrer\">M\u00e9tropolitain du 26 septembre 2018<\/a> : Saint-Cl\u00e9ment-de-Rivi\u00e8re : le pr\u00e9fet dit non au projet Oxylane<\/li>\n<li><a href=\"https:\/\/france3-regions.francetvinfo.fr\/occitanie\/herault\/montpellier\/herault-saint-clement-riviere-prefet-dit-non-au-projet-village-decathlon-1547822.html\" target=\"_blank\" rel=\"noopener noreferrer\">FR3\u00a0 Occitanie<\/a> : \u00e0 Saint-Cl\u00e9ment-de-Rivi\u00e8re, le pr\u00e9fet dit non au projet de village D\u00e9cathlon (article papier et video)<\/li>\n<li><a href=\"https:\/\/www.francebleu.fr\/infos\/societe\/le-projet-de-centre-commercial-oxylane-a-saint-clement-de-riviere-verra-t-il-le-jour-1537895056\" target=\"_blank\" rel=\"noopener noreferrer\">France Bleue H\u00e9rault<\/a> : Le projet de centre commercial Oxylane \u00e0 Saint-Cl\u00e9ment-de-Rivi\u00e8re verra-t-il le jour\u00a0? (article papier)<\/li>\n<\/ul>\n<p><strong>juin 2018<\/strong><\/p>\n<ul>\n<li><a href=\"https:\/\/collectif-oxygene.fr\/wp-content\/uploads\/2018\/09\/ml_7_juin_2018.jpg\" target=\"_blank\" rel=\"noopener noreferrer\">Midi libre du 7 juin 2018<\/a> : un nouveau recours contre Oxylane<\/li>\n<li><a href=\"http:\/\/collectif-oxygene.fr\/wp-content\/uploads\/2018\/06\/gazette_14_juin_2018.jpg\" target=\"_blank\" rel=\"noopener noreferrer\">La Gazette du 14 juin 2018<\/a> : un nouveau recours contre Oxylane<\/li>\n<li><a href=\"https:\/\/collectif-oxygene.fr\/wp-content\/uploads\/2019\/09\/gazette_courier_lecteurs_21_06_18.png\" target=\"_blank\" rel=\"noopener noreferrer\">La gazette du 21 juin 2018<\/a> : courrier des lecteurs<\/li>\n<\/ul>\n<p><strong>f\u00e9vrier 2018<\/strong><\/p>\n<ul>\n<li><a href=\"http:\/\/collectif-oxygene.fr\/wp-content\/uploads\/2018\/06\/Marseillaise_28_02_2018.pdf\" target=\"_blank\" rel=\"noopener noreferrer\">La Marseillaise du 28 f\u00e9vrier 2018<\/a> : Le projet Oxylane frein\u00e9 mais pas stopp\u00e9<\/li>\n<li><a href=\"http:\/\/collectif-oxygene.fr\/wp-content\/uploads\/2018\/06\/gazette-live_26_02_2018.pdf\" target=\"_blank\" rel=\"noopener noreferrer\">La Gazette Live du 26 f\u00e9vrier 2018<\/a> : Projet D\u00e9cathlon Oxylane : la bataille judiciaire continue<\/li>\n<li><a href=\"http:\/\/collectif-oxygene.fr\/wp-content\/uploads\/2018\/06\/ML_16_02_2018.pdf\" target=\"_blank\" rel=\"noopener noreferrer\">Midi Libre du 16 f\u00e9vrier 2018<\/a> : Oxylane pr\u00e8s de Montpellier : une annulation qui ne remet rien en cause<\/li>\n<li><a href=\"http:\/\/collectif-oxygene.fr\/wp-content\/uploads\/2018\/06\/Gazette_16_02_2018.pdf\" target=\"_blank\" rel=\"noopener noreferrer\">La Gazette du 16 f\u00e9vrier 2018<\/a> : Projet D\u00e9cathlon-Oxylane : le permis d&rsquo;am\u00e9nager partiellement annul\u00e9<\/li>\n<\/ul>\n<p><strong>d\u00e9cembre 2017<\/strong><\/p>\n<ul>\n<li><a href=\"http:\/\/www.midilibre.fr\/2017\/12\/14\/herault-le-village-decathlon-menace-d-annulation-a-saint-clement-de-riviere,1603142.php\" target=\"_blank\" rel=\"noopener noreferrer\">Midi Libre en ligne\u00a0 du 14 d\u00e9cembre 2017<\/a> : Le village D\u00e9cathlon menac\u00e9 d\u2019annulation \u00e0 Saint-Cl\u00e9ment-de-Rivi\u00e8re<\/li>\n<li><a href=\"http:\/\/www.lagazettedemontpellier.fr\/17320\/tribunal-un-rassemblement-pour-dire-non-au-projet-de-village-decathlon.html\" target=\"_blank\" rel=\"noopener noreferrer\">La Gazette Live<\/a> : Tribunal : un rassemblement pour dire \u00ab\u00a0non\u00a0\u00bb au projet de village D\u00e9cathlon. Avec un reportage video<\/li>\n<li>France 3 Occitanie\u00a0 : reportage au 19-20 du 14 d\u00e9cembre 2017 (video actuellement indisponible)<\/li>\n<li><a href=\"https:\/\/www.francebleu.fr\/infos\/climat-environnement\/la-guerre-continue-entre-decathlon-et-les-defenseurs-de-l-environnement-1513274218\" target=\"_blank\" rel=\"noopener noreferrer\">France Bleu H\u00e9rault du 14 d\u00e9cembre 2017<\/a> (article \u00e9crit) : La guerre continue entre D\u00e9cathlon et les d\u00e9fenseurs de l&rsquo;environnement.<\/li>\n<li><a href=\"http:\/\/collectif-oxygene.fr\/wp-content\/uploads\/2017\/12\/ml_15-12-2007.png\" target=\"_blank\" rel=\"noopener noreferrer\">Midi Libre du vendredi 15 d\u00e9cembre<\/a> (\u00e9dition papier) : Un caillou dans la chaussure de D\u00e9cathlon.<\/li>\n<li><a href=\"http:\/\/collectif-oxygene.fr\/wp-content\/uploads\/2018\/01\/gazette_21_12_2017.pdf\" target=\"_blank\" rel=\"noopener noreferrer\">La Gazette du 21 d\u00e9cembre 2017<\/a> : Oxylane compromis par une chauve-souris<\/li>\n<li><a href=\"http:\/\/www.resistons.net\/index.php?post\/2017\/12\/14\/Au-tribunal-%3A-Des-terres-ou-du-b%C3%A9ton\" target=\"_blank\" rel=\"noopener noreferrer\">R\u00e9sistons.net<\/a> : Au tribunal : Des terres ou du b\u00e9ton ?<\/li>\n<li><a href=\"http:\/\/collectif-oxygene.fr\/wp-content\/uploads\/2017\/12\/ml_3_12_17-1.png\" target=\"_blank\" rel=\"noopener noreferrer\">Midi Libre 3 d\u00e9cembre 2017<\/a> : Cent personnes disent Non \u00e0 D\u00e9cathlon (flash ZAD du 2 d\u00e9cembre)<\/li>\n<li><a href=\"http:\/\/collectif-oxygene.fr\/wp-content\/uploads\/2017\/12\/vlc-record-2017-12-03-22h25m18s-France-3-Occitanie-JT-1920-Languedoc-Roussillon.flv-.mp4\" target=\"_blank\" rel=\"noopener noreferrer\">FR3 2 d\u00e9cembre 2017 JT 19-20<\/a> : reportage sur la flash ZAD<\/li>\n<\/ul>\n<p><strong>avril 2017<\/strong><\/p>\n<ul>\n<li><a href=\"https:\/\/collectif-oxygene.fr\/wp-content\/uploads\/2019\/09\/Midi-Libre-18.04.2017.pdf\" target=\"_blank\" rel=\"noopener noreferrer\">Midi Libre du 18 avril 2017<\/a> : Montferrier Table Ronde contre Oxylane village<\/li>\n<\/ul>\n<p><strong>mars 2017<\/strong><\/p>\n<ul>\n<li><a href=\"http:\/\/collectif-oxygene.fr\/wp-content\/uploads\/2017\/04\/ml_31_mars_17.bmp\" target=\"_blank\" rel=\"noopener noreferrer\">Midi Libre du 31 mars 2017<\/a> : article sur les divers recours<\/li>\n<li><a href=\"http:\/\/collectif-oxygene.fr\/wp-content\/uploads\/2017\/04\/ml_26_03_17.bmp\" target=\"_blank\" rel=\"noopener noreferrer\">Midi Libre du 26 mars 2017<\/a> : compte-rendu de la manifestation du 25 mars<\/li>\n<li><a href=\"http:\/\/collectif-oxygene.fr\/wp-content\/uploads\/2017\/04\/fbh.wav\" target=\"_blank\" rel=\"noopener noreferrer\">France Bleu H\u00e9rault 26 mars 2017<\/a> (journal du matin : 19 secondes !)<\/li>\n<li><a href=\"https:\/\/soundcloud.com\/radio-clapas\/oxygene-240317?in=radio-clapas\/sets\/place-1901\" target=\"_blank\" rel=\"noopener noreferrer\">Interview sur Radio Clapas (vendredi 24 mars Place 1901)<\/a><\/li>\n<li><a href=\"http:\/\/collectif-oxygene.fr\/wp-content\/uploads\/2017\/04\/telephone_sonne_fran\u00e7oise_et_reponses_court.mp3\" target=\"_blank\" rel=\"noopener noreferrer\">Nous parlons de nous sur France-Inter (Le t\u00e9l\u00e9phone sonne, 3 mars)<\/a><\/li>\n<\/ul>\n<p><strong>d\u00e9cembre 2016<\/strong><\/p>\n<ul>\n<li>Revue en ligne \u00ab\u00a0<a href=\"http:\/\/www.resistons.net\/index.php?post\/2016\/12\/07\/Stop-au-b%C3%A9tonnage-des-terres-agricoles\" target=\"_blank\" rel=\"noopener noreferrer\">R\u00e9sistons.net<\/a>\u00ab\u00a0, le 7 d\u00e9cembre<\/li>\n<\/ul>\n<p><strong>octobre 2016<\/strong><\/p>\n<ul>\n<li><a href=\"http:\/\/collectif-oxygene.fr\/wp-content\/uploads\/2016\/11\/st2-occitanie_bassedef.pdf\" target=\"_blank\" rel=\"noopener noreferrer\">Sans Transitions !<\/a> (N\u00b02 : Centres commerciaux : le Trop plein &#8211; Enqu\u00eate)<\/li>\n<li>\u00a0FM Plus, <a href=\"http:\/\/media.blubrry.com\/radiofmplus\/www.radiofmplus.org\/wp-content\/uploads\/2016\/10\/SANS-TRANSITION-28-OCTOBRE.mp3\" target=\"_blank\" rel=\"noopener noreferrer\">\u00e9mission \u00ab\u00a0Sans transition\u00a0\u00bb<\/a>\u00a0\u00a0\u00a0 ( vendredi 28 octobre)<\/li>\n<\/ul>\n<p><strong>septembre 2016<\/strong><\/p>\n<ul>\n<li><a href=\"http:\/\/collectif-oxygene.fr\/wp-content\/uploads\/2016\/09\/ML_130916.pdf\" target=\"_blank\" rel=\"noopener noreferrer\">Midi Libre 13 septembre<\/a>\u00a0 (publi-reportage \u00e0 la gloire de D\u00e9cathlon &#8230;)<\/li>\n<li><a href=\"http:\/\/collectif-oxygene.fr\/wp-content\/uploads\/2016\/09\/gazette_22_09_2016.pdf\" target=\"_blank\" rel=\"noopener noreferrer\">La Gazette de Montpellier 22 septembre<\/a>\u00a0 (D\u00e9cathlon englu\u00e9 dans les recours<\/li>\n<\/ul>\n<p><strong>juillet 2016<\/strong><\/p>\n<ul>\n<li><a href=\"http:\/\/collectif-oxygene.fr\/wp-content\/uploads\/2016\/07\/ML_14_07_2016.jpg\" target=\"_blank\" rel=\"noopener noreferrer\">Midi Libre 14 juillet<\/a>\u00a0 (r\u00e9action du collectif)<\/li>\n<li><a href=\"http:\/\/collectif-oxygene.fr\/wp-content\/uploads\/2016\/07\/ml_09_07_2016.jpg\" target=\"_blank\" rel=\"noopener noreferrer\">Midi Libre 9 juillet<\/a>\u00a0 (rejet des recours en cour administrative d&rsquo;appel)<\/li>\n<li><a href=\"http:\/\/www.lamarseillaise.fr\/herault\/flash\/50448-oxylane-decathlon-gagne-en-appel\" target=\"_blank\" rel=\"noopener noreferrer\">La Marseillaise 8 juillet<\/a> (rejet des recours en cour administrative d&rsquo;appel)<\/li>\n<li><a href=\"http:\/\/www.herault-tribune.com\/articles\/37307\/saint-clement-de-riviere-decathlon-gagne-en-appel-a-marseille\/a\" target=\"_blank\" rel=\"noopener noreferrer\">H\u00e9rault Tribune 8 juillet<\/a> (rejet des recours en cour administrative d&rsquo;appel)<\/li>\n<\/ul>\n<p><strong>juin 2016<\/strong><\/p>\n<ul>\n<li><a href=\"http:\/\/collectif-oxygene.fr\/wp-content\/uploads\/2016\/06\/ml_12_juin.pdf\" target=\"_blank\" rel=\"noopener noreferrer\">Midi Libre\u00a0<span id=\"timestamp\">1<\/span>2 juin<\/a>\u00a0 (compte-rendu de la journ\u00e9e du 11 juin)<\/li>\n<li><a href=\"http:\/\/collectif-oxygene.fr\/wp-content\/uploads\/2016\/06\/france_bleu_12_juin.mp3\" target=\"_blank\" rel=\"noopener noreferrer\">France-Bleu H\u00e9rault 12 juin<\/a> (reportage radio sur la journ\u00e9e du 11 juin)<\/li>\n<li><a href=\"https:\/\/www.dropbox.com\/s\/1tfxtnxpig6wkw9\/TVSud.mp4?dl=0\" target=\"_blank\" rel=\"noopener noreferrer\">TV-Sud<\/a> (reportage TV sur la journ\u00e9e du 11 juin)<\/li>\n<li><a href=\"https:\/\/reporterre.net\/Des-terres-pas-d-hyper-Stop-a%CC%80-la-prolife%CC%81ration-des-projets-commerciaux\" target=\"_blank\" rel=\"noopener noreferrer\">Reporterre<\/a>, (annonce de la journ\u00e9e du 11 juin)<\/li>\n<li><a href=\"http:\/\/www.sans-transition-magazine.info\/ecologie\/des-terres-pas-dhypers-montpellier-marche-contre-le-projet-oxylane\" target=\"_blank\" rel=\"noopener noreferrer\">Magazine \u00ab\u00a0Sans Transition\u00a0\u00bb 11 juin<\/a>\u00a0 (annonce de la journ\u00e9e du 11 juin)<\/li>\n<li><a href=\"http:\/\/www.lamarseillaise.fr\/herault\/developpement-durable\/49395-partout-des-terres-a-preserver-des-promoteurs\" target=\"_blank\" rel=\"noopener noreferrer\">La Marseillaise 11 juin<\/a>\u00a0 (annonce de la journ\u00e9e du 11 juin)<\/li>\n<li><a href=\"http:\/\/collectif-oxygene.fr\/wp-content\/uploads\/2016\/06\/gazette_9_juin_2016.pdf\" target=\"_blank\" rel=\"noopener noreferrer\">La Gazette 9 juin<\/a>\u00a0 (audience du 31 mai \u00e0 Marseille et annonce de la journ\u00e9e du 11 juin)<\/li>\n<li><a href=\"http:\/\/collectif-oxygene.fr\/wp-content\/uploads\/2016\/06\/ml_2_juin_2016.pdf\" target=\"_blank\" rel=\"noopener noreferrer\">Midi Libre 2 juin<\/a>\u00a0 (audience du 31 mai \u00e0 Marseille)<\/li>\n<\/ul>\n<p><strong>avril 2016<\/strong><\/p>\n<ul>\n<li><a href=\"http:\/\/collectif-oxygene.fr\/wp-content\/uploads\/2016\/05\/gazette_28_avril_2016.jpg\" target=\"_blank\" rel=\"noopener noreferrer\">La Gazette 28 avril<\/a><\/li>\n<li><a href=\"http:\/\/collectif-oxygene.fr\/wp-content\/uploads\/2016\/05\/gazette_14_avril_2016_2.jpg\" target=\"_blank\" rel=\"noopener noreferrer\">La Gazette <span id=\"timestamp\">1<\/span>4 avril<\/a><\/li>\n<li><a href=\"http:\/\/collectif-oxygene.fr\/wp-content\/uploads\/2016\/04\/midi_libre_2016-04-03.png\" target=\"_blank\" rel=\"noopener noreferrer\">Midi Libre<\/a> (rassemblement du 2 avril)<\/li>\n<li><a href=\"http:\/\/collectif-oxygene.fr\/wp-content\/uploads\/2016\/04\/marseillaise_3_04.jpg\" target=\"_blank\" rel=\"noopener noreferrer\">La Marseillaise<\/a> (rassemblement du 2 avril)<\/li>\n<li><a href=\"http:\/\/collectif-oxygene.fr\/wp-content\/uploads\/2016\/04\/midi_libre_cm_stclement_2016-03-30.png\" target=\"_blank\" rel=\"noopener noreferrer\">Midi Libre<\/a> (Conseil Municipal de Saint-Cl\u00e9ment-de-Rivi\u00e8re)<\/li>\n<\/ul>\n<p><strong>novembre 2015<\/strong><\/p>\n<ul>\n<li><a href=\"http:\/\/collectif-oxygene.fr\/wp-content\/uploads\/2015\/11\/article_ml_8_nov.jpg\" target=\"_blank\" rel=\"noopener noreferrer\">Midi libre<\/a> (\u00e9v\u00e9nement artistique du 8 novembre)<\/li>\n<\/ul>\n<p><strong>septembre 2015<\/strong><\/p>\n<ul>\n<li><a href=\"https:\/\/soundcloud.com\/radio-clapas\/collectif-oxyg-ne-18-09-2015?in=radio-clapas\/sets\/place-1901\" target=\"_blank\" rel=\"noopener noreferrer\">Interview Radio Clapas (vendredi 18 septembre Place 1901)<\/a><\/li>\n<\/ul>\n<p><strong>juillet 2015<\/strong><\/p>\n<ul>\n<li><a href=\"http:\/\/collectif-oxygene.fr\/wp-content\/uploads\/2015\/07\/artdeville48_oxylane.pdf\" target=\"_blank\" rel=\"noopener noreferrer\">Art de ville<\/a> (revue ind\u00e9pendante socio-culturelle de l&rsquo;aire montpelli\u00e9raine)<\/li>\n<li><a href=\"http:\/\/www.novethic.fr\/empreinte-terre\/pollution\/isr-rse\/center-parcs-villages-decathlon-les-implantations-commerciales-a-l-epreuve-du-debat-environnemental-143481.html\" target=\"_blank\" rel=\"noopener noreferrer\">Novethic<\/a> (le media expert de l&rsquo;\u00e9conomie responsable) :<a href=\"http:\/\/www.novethic.fr\/empreinte-terre\/pollution\/isr-rse\/center-parcs-villages-decathlon-les-implantations-commerciales-a-l-epreuve-du-debat-environnemental-143481.html\" target=\"_blank\" rel=\"noopener noreferrer\"> Center Parcs, villages D\u00e9cathlon&#8230; Les implantations commerciales \u00e0 l\u2019\u00e9preuve du d\u00e9bat environnemental<\/a><\/li>\n<\/ul>\n<p><strong>juin 2015<\/strong><\/p>\n<ul>\n<li><a href=\"http:\/\/www.radiolarzac.org\/sons\/collectif-oxygene-village-oxylane\" target=\"_blank\" rel=\"noopener noreferrer\">Interview sur Radio Larzac<\/a><\/li>\n<li><a href=\"http:\/\/collectif-oxygene.fr\/wp-content\/uploads\/2015\/06\/Article-oxylane-7officiel.pdf\" target=\"_blank\" rel=\"noopener noreferrer\">7officiel, gazette \u00e9conomique de l&rsquo;H\u00e9rault<\/a><\/li>\n<li><a href=\"http:\/\/collectif-oxygene.fr\/wp-content\/uploads\/2015\/06\/midi-libre_7_juin_2015.pdf\" target=\"_blank\" rel=\"noopener noreferrer\">midi libre_7_juin_2015<\/a>\u00a0 (\u00ab\u00a0Terrathlon\u00a0\u00bb du 6 juin)<\/li>\n<li><a href=\"http:\/\/collectif-oxygene.fr\/wp-content\/uploads\/2015\/06\/marseillaise_7_juin_2015.pdf\" target=\"_blank\" rel=\"noopener noreferrer\">H\u00e9rault du Jour\/La Marseillaise_7_juin_2015<\/a> (\u00ab\u00a0Terrathlon\u00a0\u00bb du 6 juin)<\/li>\n<li><a href=\"http:\/\/www.mediasdusud.fr\/\" target=\"_blank\" rel=\"noopener noreferrer\">TV Sud 6 juin 2015<\/a> (reportage sur le \u00ab\u00a0Terrathlon\u00a0\u00bb du 6 juin)<\/li>\n<li><a href=\"http:\/\/france3-regions.francetvinfo.fr\/languedoc-roussillon\/2015\/06\/06\/jose-bove-se-prononce-contre-le-projet-oxylane-st-clement-de-riviere-741075.html\" target=\"_blank\" rel=\"noopener noreferrer\">FR3 Actualit\u00e9s du 5 juin (Soutien de Jos\u00e9 Bove et G\u00e9rard Onesta)<\/a> + video<\/li>\n<li><a href=\"http:\/\/collectif-oxygene.fr\/wp-content\/uploads\/2015\/06\/20_minutes_3_juin_2015_2.pdf\" target=\"_blank\" rel=\"noopener noreferrer\">20_minutes_3_juin_2015<\/a>\u00a0\u00a0 (&lt;&lt;r\u00e9ponse&gt;&gt; de D\u00e9cathlon)<\/li>\n<li><a href=\"http:\/\/collectif-oxygene.fr\/wp-content\/uploads\/2015\/06\/20_minutes_3_juin_2015_1.pdf\" target=\"_blank\" rel=\"noopener noreferrer\">20_minutes_3_juin_2015<\/a> \u00a0 (point de vue du collectif Oxyg\u00e8ne)<\/li>\n<li><a href=\"http:\/\/collectif-oxygene.fr\/wp-content\/uploads\/2015\/01\/midi_libre_3_juin_2015.pdf\" target=\"_blank\" rel=\"noopener noreferrer\">Midi Libre du 3 juin 2015 (Conf\u00e9rence de Presse)<\/a><\/li>\n<li><a href=\"http:\/\/collectif-oxygene.fr\/wp-content\/uploads\/2015\/01\/marseillaise_3_juin_2015.pdf\" target=\"_blank\" rel=\"noopener noreferrer\">H\u00e9rault du Jour\/La Marseillaise du 3 juin 2015 (Conf\u00e9rence de Presse)<\/a><\/li>\n<\/ul>\n<p><strong>mai 2015<\/strong><\/p>\n<ul>\n<li><a href=\"http:\/\/collectif-oxygene.fr\/wp-content\/uploads\/2015\/06\/midi_libre_22_mai_2015.pdf\" target=\"_blank\" rel=\"noopener noreferrer\">midi_libre_22_mai_2015<\/a>\u00a0 (rejet du recours en CNAC)<\/li>\n<li><a href=\"http:\/\/collectif-oxygene.fr\/wp-content\/uploads\/2015\/06\/midi_libre_21_mai_2015.pdf\" target=\"_blank\" rel=\"noopener noreferrer\">midi_libre_21_mai_2015<\/a>\u00a0 (avant le recours en CNAC)<\/li>\n<\/ul>\n<p><strong>avril 2015<\/strong><\/p>\n<ul>\n<li><a href=\"http:\/\/collectif-oxygene.fr\/wp-content\/uploads\/2015\/04\/midi_libre_11_04_15.jpg\" target=\"_blank\" rel=\"noopener noreferrer\">Article de Midi-Libre sur le Conseil Municipal de Montferrier du 26 mars\u00a0 (11 avril)<\/a><\/li>\n<\/ul>\n<p><strong>\u00a0mars 2015<\/strong><\/p>\n<ul>\n<li><a href=\"http:\/\/collectif-oxygene.fr\/wp-content\/uploads\/2015\/03\/article-midi-libre-30-03-2015.pdf\" target=\"_blank\" rel=\"noopener noreferrer\">Article de Midi-Libre compte-rendu du pique-nique du 28 mars (lundi 30 mars)<\/a><\/li>\n<li><a href=\"http:\/\/france3-regions.francetvinfo.fr\/languedoc-roussillon\/2015\/03\/28\/saint-clement-de-riviere-pique-nique-militant-contre-le-projet-de-village-sportif-689739.html\" target=\"_blank\" rel=\"noopener noreferrer\">Reportage de FR3-Montpellier sur le pique-nique du 28 mars<\/a><\/li>\n<li><a href=\"https:\/\/soundcloud.com\/radio-clapas\/place-1901-le-collectif-oxyg\" target=\"_blank\" rel=\"noopener noreferrer\">Interview\/Pr\u00e9sentation sur radio Clapas (vendredi 27 mars Place 1901)<\/a><\/li>\n<li><a href=\"http:\/\/sos.lez.free.fr\/oxylane\/FM%20Plus%20-%20Lundi%20%206%20Avril.mp3\" target=\"_blank\" rel=\"noopener noreferrer\">Interview\/Pr\u00e9sentation sur Radio FM+<\/a><\/li>\n<li><a href=\"https:\/\/soundcloud.com\/radio-campus-orleans\/interview-du-collectif-oxygene\" target=\"_blank\" rel=\"noopener noreferrer\">Interview sur Radio Campus Orl\u00e9ans (14 mars \u00e0 Saint-Jean-de-Braye)<\/a><\/li>\n<\/ul>\n<p><strong>f\u00e9vrier 2015<\/strong><\/p>\n<ul>\n<li><a href=\"http:\/\/collectif-oxygene.fr\/wp-content\/uploads\/2015\/02\/midi_libre_31_janvier_2015.pdf\" target=\"_blank\" rel=\"noopener noreferrer\">article de Midi Libre compte-rendu du rassemblement du 31 janvier<\/a><\/li>\n<li><a href=\"http:\/\/aurel.blog.lemonde.fr\/2015\/02\/03\/les-pieds-dans-le-local-1-oxygene-contre-oxylane\/\" target=\"_blank\" rel=\"noopener noreferrer\">le\u00a0 blog d&rsquo;Aurel (blog du Monde)<\/a> : les pieds dans le local#1 &#8211; Oxyg\u00e8ne contre Oxylane<\/li>\n<li><a href=\"http:\/\/www.slate.fr\/story\/97615\/guerre-des-zones-commerciales\" target=\"_blank\" rel=\"noopener noreferrer\">Un article g\u00e9n\u00e9ral sur les zones commerciales dans slate.fr<\/a><\/li>\n<li>Deux interviews sonores dans Reporterre :<br \/>\n&#8211; <a href=\"http:\/\/www.reporterre.net\/Pourquoi-faut-il-preserver-des\" target=\"_blank\" rel=\"noopener noreferrer\">Christian Dupraz : Pourquoi faut-il pr\u00e9server des terres agricoles au nord de Montpellier<small class=\"fine\">\u00a0<\/small>?<\/a><br \/>\n&#8211;<a href=\"http:\/\/www.reporterre.net\/Pourquoi-s-opposer-au-projet-de-6895\" target=\"_blank\" rel=\"noopener noreferrer\"> Christine Pujol : Pourquoi s\u2019opposer au projet de Village Oxylane pr\u00e8s de Montpellier<small class=\"fine\">\u00a0<\/small>?<\/a><\/li>\n<\/ul>\n<p><strong>janvier 2015 :<\/strong><\/p>\n<ul>\n<li><a href=\"http:\/\/collectif-oxygene.fr\/wp-content\/uploads\/2015\/01\/LETTRE-A-LA-GAZETTE-Y-H-DE-LA-FUENTE-1.pdf\" target=\"_blank\" rel=\"noopener noreferrer\">lettre de lectrice dans La Gazette<\/a><\/li>\n<li><a href=\"http:\/\/collectif-oxygene.fr\/wp-content\/uploads\/2015\/01\/Echos_Saint_Clement_1ere_Edition.pdf\" target=\"_blank\" rel=\"noopener noreferrer\">Les \u00e9chos de Saint-Cl\u00e9ment<\/a><\/li>\n<li><a href=\"http:\/\/collectif-oxygene.fr\/wp-content\/uploads\/2015\/01\/agglo-rieuse.pdf\" target=\"_blank\" rel=\"noopener noreferrer\">article contre le projet dans l&rsquo;Agglorieuse<\/a><\/li>\n<\/ul>\n<p><strong>d\u00e9cembre 2014 :<br \/>\n<\/strong><a href=\"http:\/\/collectif-oxygene.fr\/wp-content\/uploads\/2015\/01\/ml_27_11_14.jpg\" target=\"_blank\" rel=\"noopener noreferrer\">encore un article favorable du Midi Libre<\/a><\/p>\n<p><strong>novembre 2014:<\/strong><\/p>\n<p><a href=\"http:\/\/france3-regions.francetvinfo.fr\/languedoc-roussillon\/2014\/11\/28\/polemique-autour-d-un-projet-de-village-sportif-dans-l-herault-601856.html\">reportage fr3 du 28 novembre<\/a><\/p>\n<p><strong>octobre 2014 :<\/strong><\/p>\n<ul>\n<li><a href=\"http:\/\/collectif-oxygene.fr\/wp-content\/uploads\/2015\/01\/oxylane_gazette.pd\" target=\"_blank\" rel=\"noopener noreferrer\">propagande favorable de La Gazette<\/a><\/li>\n<li><a href=\"http:\/\/collectif-oxygene.fr\/wp-content\/uploads\/2015\/01\/reponse_gazette_oxylane.pdf\" target=\"_blank\" rel=\"noopener noreferrer\">r\u00e9ponse de SOS-Lez Environnement et ACNAT<\/a> (jamais publi\u00e9e)<\/li>\n<li><a href=\"http:\/\/collectif-oxygene.fr\/wp-content\/uploads\/2015\/01\/nella_gazette.png\" target=\"_blank\" rel=\"noopener noreferrer\">r\u00e9ponse d&rsquo;une lectrice en courrier des lecteurs<\/a><\/li>\n<\/ul>\n<p><strong>En 2012 d\u00e9j\u00e0 &#8230;<\/strong><\/p>\n<ul>\n<li><a href=\"http:\/\/collectif-oxygene.fr\/wp-content\/uploads\/2015\/01\/Oxylane-Village-MIDILIBRE-2012.pdf\" target=\"_blank\" rel=\"noopener noreferrer\">Midi Libre<\/a><\/li>\n<li><a href=\"http:\/\/collectif-oxygene.fr\/wp-content\/uploads\/2015\/01\/gazette_6_dec_2012.jpg\" target=\"_blank\" rel=\"noopener noreferrer\">La Gazett<strong>e<\/strong><\/a><\/li>\n<\/ul>\n","protected":false},"excerpt":{"rendered":"<p>octobre 2021 : articles de victoire Mediapart le club : https:\/\/blogs.mediapart.fr\/collectif-oxygene\/blog\/291021\/mission-accomplie-exit-le-projet-de-zone-commerciale-oxylane-place-aux-terres-agricoles Reportage FR3 : https:\/\/france3-regions.francetvinfo.fr\/occitanie\/herault\/montpellier\/metropole-de-montpellier-decathlon-abandonne-son-projet-de-centre-commercial-oxylane-a-saint-clement-de-riviere-2304760.html Reporterre : https:\/\/collectif-oxygene.fr\/wp-content\/uploads\/2021\/10\/Reporterre-1-3.pdf Midi Libre : https:\/\/collectif-oxygene.fr\/wp-content\/uploads\/2021\/10\/ML20211022_abandon-Oxylane.pdf Actu.fr\/M\u00e9tropolitain : https:\/\/collectif-oxygene.fr\/wp-content\/uploads\/2021\/10\/actu.fr-Metropolitain-22-10.pdf La Gazette Live : https:\/\/collectif-oxygene.fr\/wp-content\/uploads\/2021\/10\/Gazette_live_22-10.pdf 20 Minutes Montpellier : https:\/\/collectif-oxygene.fr\/wp-content\/uploads\/2021\/10\/20-minutes-22-10.pdf World News (reprise de l&rsquo;article de Midi Libre) : https:\/\/collectif-oxygene.fr\/wp-content\/uploads\/2021\/10\/World-News-22-10.pdf La Rel\u00e8ve et la Peste : https:\/\/collectif-oxygene.fr\/wp-content\/uploads\/2021\/10\/La-Releve-et-La-Peste-22-10.pdf Le Mouvement : [&hellip;]<\/p>\n","protected":false},"author":1,"featured_media":0,"parent":0,"menu_order":6,"comment_status":"open","ping_status":"open","template":"","meta":{"footnotes":""},"class_list":["post-87","page","type-page","status-publish","hentry"],"_links":{"self":[{"href":"https:\/\/collectif-oxygene.fr\/index.php?rest_route=\/wp\/v2\/pages\/87","targetHints":{"allow":["GET"]}}],"collection":[{"href":"https:\/\/collectif-oxygene.fr\/index.php?rest_route=\/wp\/v2\/pages"}],"about":[{"href":"https:\/\/collectif-oxygene.fr\/index.php?rest_route=\/wp\/v2\/types\/page"}],"author":[{"embeddable":true,"href":"https:\/\/collectif-oxygene.fr\/index.php?rest_route=\/wp\/v2\/users\/1"}],"replies":[{"embeddable":true,"href":"https:\/\/collectif-oxygene.fr\/index.php?rest_route=%2Fwp%2Fv2%2Fcomments&post=87"}],"version-history":[{"count":148,"href":"https:\/\/collectif-oxygene.fr\/index.php?rest_route=\/wp\/v2\/pages\/87\/revisions"}],"predecessor-version":[{"id":2756,"href":"https:\/\/collectif-oxygene.fr\/index.php?rest_route=\/wp\/v2\/pages\/87\/revisions\/2756"}],"wp:attachment":[{"href":"https:\/\/collectif-oxygene.fr\/index.php?rest_route=%2Fwp%2Fv2%2Fmedia&parent=87"}],"curies":[{"name":"wp","href":"https:\/\/api.w.org\/{rel}","templated":true}]}}